{"id":1441,"date":"2022-09-23T11:30:55","date_gmt":"2022-09-23T09:30:55","guid":{"rendered":"https:\/\/defis-avocats.com\/news\/"},"modified":"2023-03-24T10:51:55","modified_gmt":"2023-03-24T09:51:55","slug":"news","status":"publish","type":"page","link":"https:\/\/defis-avocats.com\/en\/news\/","title":{"rendered":"News"},"content":{"rendered":"\t\t<div data-elementor-type=\"wp-page\" data-elementor-id=\"1441\" class=\"elementor elementor-1441 elementor-23\" data-elementor-post-type=\"page\">\n\t\t\t\t\t\t<section class=\"elementor-section elementor-top-section elementor-element elementor-element-97dfed5 elementor-section-height-min-height elementor-section-items-top elementor-section-boxed elementor-section-height-default\" data-id=\"97dfed5\" data-element_type=\"section\" data-e-type=\"section\" data-settings=\"{&quot;background_background&quot;:&quot;classic&quot;}\">\n\t\t\t\t\t\t<div class=\"elementor-container elementor-column-gap-default\">\n\t\t\t\t\t<div class=\"elementor-column elementor-col-100 elementor-top-column elementor-element elementor-element-5d3414a\" data-id=\"5d3414a\" data-element_type=\"column\" data-e-type=\"column\">\n\t\t\t<div class=\"elementor-widget-wrap elementor-element-populated\">\n\t\t\t\t\t\t<div class=\"elementor-element elementor-element-0b809d8 elementor-widget elementor-widget-heading\" data-id=\"0b809d8\" data-element_type=\"widget\" data-e-type=\"widget\" data-widget_type=\"heading.default\">\n\t\t\t\t<div class=\"elementor-widget-container\">\n\t\t\t\t\t<h1 class=\"elementor-heading-title elementor-size-default\">News<\/h1>\t\t\t\t<\/div>\n\t\t\t\t<\/div>\n\t\t\t\t\t<\/div>\n\t\t<\/div>\n\t\t\t\t\t<\/div>\n\t\t<\/section>\n\t\t\t\t<section class=\"elementor-section elementor-top-section elementor-element elementor-element-a28cc77 elementor-section-boxed elementor-section-height-default elementor-section-height-default\" data-id=\"a28cc77\" data-element_type=\"section\" data-e-type=\"section\" data-settings=\"{&quot;background_background&quot;:&quot;classic&quot;}\">\n\t\t\t\t\t\t<div class=\"elementor-container elementor-column-gap-default\">\n\t\t\t\t\t<div class=\"elementor-column elementor-col-100 elementor-top-column elementor-element elementor-element-f6068e7\" data-id=\"f6068e7\" data-element_type=\"column\" data-e-type=\"column\">\n\t\t\t<div class=\"elementor-widget-wrap elementor-element-populated\">\n\t\t\t\t\t\t<div class=\"elementor-element elementor-element-d542de2 elementor-grid-2 elementor-posts--thumbnail-none elementor-grid-tablet-2 elementor-grid-mobile-1 elementor-posts__hover-gradient elementor-widget elementor-widget-posts\" data-id=\"d542de2\" data-element_type=\"widget\" data-e-type=\"widget\" data-settings=\"{&quot;cards_columns&quot;:&quot;2&quot;,&quot;cards_row_gap&quot;:{&quot;unit&quot;:&quot;px&quot;,&quot;size&quot;:70,&quot;sizes&quot;:[]},&quot;cards_columns_tablet&quot;:&quot;2&quot;,&quot;cards_columns_mobile&quot;:&quot;1&quot;,&quot;cards_row_gap_widescreen&quot;:{&quot;unit&quot;:&quot;px&quot;,&quot;size&quot;:&quot;&quot;,&quot;sizes&quot;:[]},&quot;cards_row_gap_tablet&quot;:{&quot;unit&quot;:&quot;px&quot;,&quot;size&quot;:&quot;&quot;,&quot;sizes&quot;:[]},&quot;cards_row_gap_mobile&quot;:{&quot;unit&quot;:&quot;px&quot;,&quot;size&quot;:&quot;&quot;,&quot;sizes&quot;:[]}}\" data-widget_type=\"posts.cards\">\n\t\t\t\t<div class=\"elementor-widget-container\">\n\t\t\t\t\t\t\t<div class=\"elementor-posts-container elementor-posts elementor-posts--skin-cards elementor-grid\" role=\"list\">\n\t\t\t\t<article class=\"elementor-post elementor-grid-item post-2783 post type-post status-publish format-standard has-post-thumbnail hentry category-non-classifiee\" role=\"listitem\">\n\t\t\t<div class=\"elementor-post__card\">\n\t\t\t\t<div class=\"elementor-post__text\">\n\t\t\t\t<p class=\"elementor-post__title\">\n\t\t\t<a href=\"https:\/\/defis-avocats.com\/en\/eviction-of-squatters-what-the-18-august-2026-law-changes-for-homes-airbnb-properties-and-commercial-premises\/\" >\n\t\t\t\tEviction of Squatters: What the 18 August 2026 Law Changes for Homes, Airbnb Properties and Commercial Premises\t\t\t<\/a>\n\t\t<\/p>\n\t\t\t\t<div class=\"elementor-post__excerpt\">\n\t\t\t<p>New anti-squat measures came into force on 18 August 2026. The reform expands protection for property owners by addressing occupants who remain in Airbnb and furnished tourist accommodation after their right to stay has expired, while also extending safeguards to commercial and professional premises.<\/p>\n\t\t<\/div>\n\t\t\n\t\t<a class=\"elementor-post__read-more\" href=\"https:\/\/defis-avocats.com\/en\/eviction-of-squatters-what-the-18-august-2026-law-changes-for-homes-airbnb-properties-and-commercial-premises\/\" aria-label=\"Read more about Eviction of Squatters: What the 18 August 2026 Law Changes for Homes, Airbnb Properties and Commercial Premises\" tabindex=\"-1\" >\n\t\t\tRead more \"\t\t<\/a>\n\n\t\t\t\t<\/div>\n\t\t\t\t<div class=\"elementor-post__meta-data\">\n\t\t\t\t\t<span class=\"elementor-post-date\">\n\t\t\t20 August 2026\t\t<\/span>\n\t\t\t\t<\/div>\n\t\t\t\t\t<\/div>\n\t\t<\/article>\n\t\t\t\t<article class=\"elementor-post elementor-grid-item post-2747 post type-post status-publish format-standard has-post-thumbnail hentry category-non-classifiee\" role=\"listitem\">\n\t\t\t<div class=\"elementor-post__card\">\n\t\t\t\t<div class=\"elementor-post__text\">\n\t\t\t\t<p class=\"elementor-post__title\">\n\t\t\t<a href=\"https:\/\/defis-avocats.com\/en\/%f0%9f%8c%b2%f0%9f%8d%a6-from-forestry-to-ice-cream-supporting-entrepreneurs-every-step-of-the-way\/\" >\n\t\t\t\t\ud83c\udf32\ud83c\udf66 From Forestry to Ice Cream: Supporting Entrepreneurs Every Step of the Way\t\t\t<\/a>\n\t\t<\/p>\n\t\t\t\t<div class=\"elementor-post__excerpt\">\n\t\t\t<p>Passionate entrepreneurs and projects that deserve to be secured. From business transfers to new business openings, discover how legal support helps turn entrepreneurial ambitions into lasting success <\/p>\n\t\t<\/div>\n\t\t\n\t\t<a class=\"elementor-post__read-more\" href=\"https:\/\/defis-avocats.com\/en\/%f0%9f%8c%b2%f0%9f%8d%a6-from-forestry-to-ice-cream-supporting-entrepreneurs-every-step-of-the-way\/\" aria-label=\"Read more about \ud83c\udf32\ud83c\udf66 From Forestry to Ice Cream: Supporting Entrepreneurs Every Step of the Way\" tabindex=\"-1\" >\n\t\t\tRead more \"\t\t<\/a>\n\n\t\t\t\t<\/div>\n\t\t\t\t<div class=\"elementor-post__meta-data\">\n\t\t\t\t\t<span class=\"elementor-post-date\">\n\t\t\t3 July 2026\t\t<\/span>\n\t\t\t\t<\/div>\n\t\t\t\t\t<\/div>\n\t\t<\/article>\n\t\t\t\t<article class=\"elementor-post elementor-grid-item post-2670 post type-post status-publish format-standard has-post-thumbnail hentry category-judicial-sales\" role=\"listitem\">\n\t\t\t<div class=\"elementor-post__card\">\n\t\t\t\t<div class=\"elementor-post__text\">\n\t\t\t\t<p class=\"elementor-post__title\">\n\t\t\t<a href=\"https:\/\/defis-avocats.com\/en\/real-estate-complex-sablons\/\" >\n\t\t\t\tREAL ESTATE COMPLEX (SABLONS)\t\t\t<\/a>\n\t\t<\/p>\n\t\t\t\t<div class=\"elementor-post__excerpt\">\n\t\t\t<p>Judicial auction Friday, July 3, 2026 at 2:00 p.m.before the Judicial Court of Libourne<br \/>\nStarting bid : 210 000,00 \u20ac<\/p>\n\t\t<\/div>\n\t\t\n\t\t<a class=\"elementor-post__read-more\" href=\"https:\/\/defis-avocats.com\/en\/real-estate-complex-sablons\/\" aria-label=\"Read more about REAL ESTATE COMPLEX (SABLONS)\" tabindex=\"-1\" >\n\t\t\tRead more \"\t\t<\/a>\n\n\t\t\t\t<\/div>\n\t\t\t\t<div class=\"elementor-post__meta-data\">\n\t\t\t\t\t<span class=\"elementor-post-date\">\n\t\t\t20 May 2026\t\t<\/span>\n\t\t\t\t<\/div>\n\t\t\t\t\t<\/div>\n\t\t<\/article>\n\t\t\t\t<article class=\"elementor-post elementor-grid-item post-2396 post type-post status-publish format-standard hentry category-non-classifiee\" role=\"listitem\">\n\t\t\t<div class=\"elementor-post__card\">\n\t\t\t\t<div class=\"elementor-post__text\">\n\t\t\t\t<p class=\"elementor-post__title\">\n\t\t\t<a href=\"https:\/\/defis-avocats.com\/en\/confidentiality-of-executives-residences-what-the-decree-of-22-august-says-about-it\/\" >\n\t\t\t\tConfidentiality of Executives&#8217; Residences : What the decree of 22 august says about it.\t\t\t<\/a>\n\t\t<\/p>\n\t\t\t\t<div class=\"elementor-post__excerpt\">\n\t\t\t<p>Discover the new provisions of the decree of August 22, 2025, on the confidentiality of company executives&#8217; residences.<\/p>\n\t\t<\/div>\n\t\t\n\t\t<a class=\"elementor-post__read-more\" href=\"https:\/\/defis-avocats.com\/en\/confidentiality-of-executives-residences-what-the-decree-of-22-august-says-about-it\/\" aria-label=\"Read more about Confidentiality of Executives&#8217; Residences : What the decree of 22 august says about it.\" tabindex=\"-1\" >\n\t\t\tRead more \"\t\t<\/a>\n\n\t\t\t\t<\/div>\n\t\t\t\t<div class=\"elementor-post__meta-data\">\n\t\t\t\t\t<span class=\"elementor-post-date\">\n\t\t\t5 September 2025\t\t<\/span>\n\t\t\t\t<\/div>\n\t\t\t\t\t<\/div>\n\t\t<\/article>\n\t\t\t\t<article class=\"elementor-post elementor-grid-item post-2383 post type-post status-publish format-standard hentry category-non-classifiee\" role=\"listitem\">\n\t\t\t<div class=\"elementor-post__card\">\n\t\t\t\t<div class=\"elementor-post__text\">\n\t\t\t\t<p class=\"elementor-post__title\">\n\t\t\t<a href=\"https:\/\/defis-avocats.com\/en\/%f0%9f%a4%96-artificial-intelligence-in-legal-practice-a-powerful-ally-never-a-substitute\/\" >\n\t\t\t\t\ud83e\udd16 Artificial Intelligence in Legal Practice : A powerful ally, never a substitute\t\t\t<\/a>\n\t\t<\/p>\n\t\t\t\t<div class=\"elementor-post__excerpt\">\n\t\t\t<p>At DEFIS AVOCATS,we have always embraced innovation to better serve our clients. Artificial Intelligence (AI) is now part of our daily practice: it helps us<\/p>\n\t\t<\/div>\n\t\t\n\t\t<a class=\"elementor-post__read-more\" href=\"https:\/\/defis-avocats.com\/en\/%f0%9f%a4%96-artificial-intelligence-in-legal-practice-a-powerful-ally-never-a-substitute\/\" aria-label=\"Read more about \ud83e\udd16 Artificial Intelligence in Legal Practice : A powerful ally, never a substitute\" tabindex=\"-1\" >\n\t\t\tRead more \"\t\t<\/a>\n\n\t\t\t\t<\/div>\n\t\t\t\t<div class=\"elementor-post__meta-data\">\n\t\t\t\t\t<span class=\"elementor-post-date\">\n\t\t\t28 August 2025\t\t<\/span>\n\t\t\t\t<\/div>\n\t\t\t\t\t<\/div>\n\t\t<\/article>\n\t\t\t\t<article class=\"elementor-post elementor-grid-item post-2270 post type-post status-publish format-standard has-post-thumbnail hentry category-non-classifiee\" role=\"listitem\">\n\t\t\t<div class=\"elementor-post__card\">\n\t\t\t\t<div class=\"elementor-post__text\">\n\t\t\t\t<p class=\"elementor-post__title\">\n\t\t\t<a href=\"https:\/\/defis-avocats.com\/en\/defis-avocats-has-joined-the-french-elcy-lawyers-network\/\" >\n\t\t\t\tDEFIS AVOCATS has joined the French ELCY Lawyers Network\t\t\t<\/a>\n\t\t<\/p>\n\t\t\t\t<div class=\"elementor-post__excerpt\">\n\t\t\t<p>To improve its customer service, our firm has joined the ELCY Lawyers Network, founded in 2019 by independent law firms. ELCY is an economic interest<\/p>\n\t\t<\/div>\n\t\t\n\t\t<a class=\"elementor-post__read-more\" href=\"https:\/\/defis-avocats.com\/en\/defis-avocats-has-joined-the-french-elcy-lawyers-network\/\" aria-label=\"Read more about DEFIS AVOCATS has joined the French ELCY Lawyers Network\" tabindex=\"-1\" >\n\t\t\tRead more \"\t\t<\/a>\n\n\t\t\t\t<\/div>\n\t\t\t\t<div class=\"elementor-post__meta-data\">\n\t\t\t\t\t<span class=\"elementor-post-date\">\n\t\t\t24 April 2025\t\t<\/span>\n\t\t\t\t<\/div>\n\t\t\t\t\t<\/div>\n\t\t<\/article>\n\t\t\t\t<article class=\"elementor-post elementor-grid-item post-1759 post type-post status-publish format-standard has-post-thumbnail hentry category-non-classifiee\" role=\"listitem\">\n\t\t\t<div class=\"elementor-post__card\">\n\t\t\t\t<div class=\"elementor-post__text\">\n\t\t\t\t<p class=\"elementor-post__title\">\n\t\t\t<a href=\"https:\/\/defis-avocats.com\/en\/remember-to-keep-an-eye-on-your-customers-who-could-be-in-difficulty-and-declare-your-debts\/\" >\n\t\t\t\tRemember to keep an eye on your customers who could be in difficulty and declare your debts!\t\t\t<\/a>\n\t\t<\/p>\n\t\t\t\t<div class=\"elementor-post__excerpt\">\n\t\t\t<p>In France, when a company is in difficulty and &nbsp;&#8220;files for bankruptcy&#8221;&nbsp;, its creditors have two months to declare their debts, from the publication in<\/p>\n\t\t<\/div>\n\t\t\n\t\t<a class=\"elementor-post__read-more\" href=\"https:\/\/defis-avocats.com\/en\/remember-to-keep-an-eye-on-your-customers-who-could-be-in-difficulty-and-declare-your-debts\/\" aria-label=\"Read more about Remember to keep an eye on your customers who could be in difficulty and declare your debts!\" tabindex=\"-1\" >\n\t\t\tRead more \"\t\t<\/a>\n\n\t\t\t\t<\/div>\n\t\t\t\t<div class=\"elementor-post__meta-data\">\n\t\t\t\t\t<span class=\"elementor-post-date\">\n\t\t\t8 April 2024\t\t<\/span>\n\t\t\t\t<\/div>\n\t\t\t\t\t<\/div>\n\t\t<\/article>\n\t\t\t\t<article class=\"elementor-post elementor-grid-item post-1748 post type-post status-publish format-standard has-post-thumbnail hentry category-non-classifiee\" role=\"listitem\">\n\t\t\t<div class=\"elementor-post__card\">\n\t\t\t\t<div class=\"elementor-post__text\">\n\t\t\t\t<p class=\"elementor-post__title\">\n\t\t\t<a href=\"https:\/\/defis-avocats.com\/en\/real-estate-whats-new-in-2024\/\" >\n\t\t\t\tREAL ESTATE: what&#8217;s new in 2024\t\t\t<\/a>\n\t\t<\/p>\n\t\t\t\t<div class=\"elementor-post__excerpt\">\n\t\t\t<p>Identifiant Fiscal du logement ( Housing tax ID) : now a mandatory requirement in residential leases. Article 5 of decree no. 2023-796 of 18 August<\/p>\n\t\t<\/div>\n\t\t\n\t\t<a class=\"elementor-post__read-more\" href=\"https:\/\/defis-avocats.com\/en\/real-estate-whats-new-in-2024\/\" aria-label=\"Read more about REAL ESTATE: what&#8217;s new in 2024\" tabindex=\"-1\" >\n\t\t\tRead more \"\t\t<\/a>\n\n\t\t\t\t<\/div>\n\t\t\t\t<div class=\"elementor-post__meta-data\">\n\t\t\t\t\t<span class=\"elementor-post-date\">\n\t\t\t16 January 2024\t\t<\/span>\n\t\t\t\t<\/div>\n\t\t\t\t\t<\/div>\n\t\t<\/article>\n\t\t\t\t<article class=\"elementor-post elementor-grid-item post-1667 post type-post status-publish format-standard has-post-thumbnail hentry category-non-classifiee\" role=\"listitem\">\n\t\t\t<div class=\"elementor-post__card\">\n\t\t\t\t<div class=\"elementor-post__text\">\n\t\t\t\t<p class=\"elementor-post__title\">\n\t\t\t<a href=\"https:\/\/defis-avocats.com\/en\/participation-of-arnaud-fleury-in-the-1st-conference-of-the-institute-of-wine-law\/\" >\n\t\t\t\tParticipation of Arnaud FLEURY in the 1st conference of the Institute of Wine Law\t\t\t<\/a>\n\t\t<\/p>\n\t\t\t\t<div class=\"elementor-post__excerpt\">\n\t\t\t<p>Arnaud FLEURY will speak on the specificities of cooperative wine cellars at the 1st conference organised by the Wine Law Institute of the Bordeaux Bar\u00a0<\/p>\n\t\t<\/div>\n\t\t\n\t\t<a class=\"elementor-post__read-more\" href=\"https:\/\/defis-avocats.com\/en\/participation-of-arnaud-fleury-in-the-1st-conference-of-the-institute-of-wine-law\/\" aria-label=\"Read more about Participation of Arnaud FLEURY in the 1st conference of the Institute of Wine Law\" tabindex=\"-1\" >\n\t\t\tRead more \"\t\t<\/a>\n\n\t\t\t\t<\/div>\n\t\t\t\t<div class=\"elementor-post__meta-data\">\n\t\t\t\t\t<span class=\"elementor-post-date\">\n\t\t\t28 April 2023\t\t<\/span>\n\t\t\t\t<\/div>\n\t\t\t\t\t<\/div>\n\t\t<\/article>\n\t\t\t\t<article class=\"elementor-post elementor-grid-item post-1490 post type-post status-publish format-standard has-post-thumbnail hentry category-non-classifiee\" role=\"listitem\">\n\t\t\t<div class=\"elementor-post__card\">\n\t\t\t\t<div class=\"elementor-post__text\">\n\t\t\t\t<p class=\"elementor-post__title\">\n\t\t\t<a href=\"https:\/\/defis-avocats.com\/en\/new-reporting-obligation-for-real-estate-owners\/\" >\n\t\t\t\tNEW REPORTING OBLIGATION FOR REAL ESTATE OWNERS\t\t\t<\/a>\n\t\t<\/p>\n\t\t\t\t<div class=\"elementor-post__excerpt\">\n\t\t\t<p>All landlords (natural and legal persons) are now subject to a new reporting obligation that must be completed by 30 June 2023. All owners must<\/p>\n\t\t<\/div>\n\t\t\n\t\t<a class=\"elementor-post__read-more\" href=\"https:\/\/defis-avocats.com\/en\/new-reporting-obligation-for-real-estate-owners\/\" aria-label=\"Read more about NEW REPORTING OBLIGATION FOR REAL ESTATE OWNERS\" tabindex=\"-1\" >\n\t\t\tRead more \"\t\t<\/a>\n\n\t\t\t\t<\/div>\n\t\t\t\t<div class=\"elementor-post__meta-data\">\n\t\t\t\t\t<span class=\"elementor-post-date\">\n\t\t\t26 January 2023\t\t<\/span>\n\t\t\t\t<\/div>\n\t\t\t\t\t<\/div>\n\t\t<\/article>\n\t\t\t\t<article class=\"elementor-post elementor-grid-item post-1494 post type-post status-publish format-standard has-post-thumbnail hentry category-non-classifiee\" role=\"listitem\">\n\t\t\t<div class=\"elementor-post__card\">\n\t\t\t\t<div class=\"elementor-post__text\">\n\t\t\t\t<p class=\"elementor-post__title\">\n\t\t\t<a href=\"https:\/\/defis-avocats.com\/en\/defis-avocats-has-moved-into-its-new-premises\/\" >\n\t\t\t\tDEFIS AVOCATS HAS MOVED INTO ITS NEW PREMISES\t\t\t<\/a>\n\t\t<\/p>\n\t\t\t\t<div class=\"elementor-post__excerpt\">\n\t\t\t<p>New year, new challenges, new projects&nbsp; DEFIS AVOCATS has moved into its new premises at 5 avenue de la R\u00e9publique 33200 BORDEAUX. Back to articles<\/p>\n\t\t<\/div>\n\t\t\n\t\t<a class=\"elementor-post__read-more\" href=\"https:\/\/defis-avocats.com\/en\/defis-avocats-has-moved-into-its-new-premises\/\" aria-label=\"Read more about DEFIS AVOCATS HAS MOVED INTO ITS NEW PREMISES\" tabindex=\"-1\" >\n\t\t\tRead more \"\t\t<\/a>\n\n\t\t\t\t<\/div>\n\t\t\t\t<div class=\"elementor-post__meta-data\">\n\t\t\t\t\t<span class=\"elementor-post-date\">\n\t\t\t6 January 2023\t\t<\/span>\n\t\t\t\t<\/div>\n\t\t\t\t\t<\/div>\n\t\t<\/article>\n\t\t\t\t<article class=\"elementor-post elementor-grid-item post-1498 post type-post status-publish format-standard has-post-thumbnail hentry category-non-classifiee\" role=\"listitem\">\n\t\t\t<div class=\"elementor-post__card\">\n\t\t\t\t<div class=\"elementor-post__text\">\n\t\t\t\t<p class=\"elementor-post__title\">\n\t\t\t<a href=\"https:\/\/defis-avocats.com\/en\/participation-in-the-patients-rights-day-on-25-november-2022\/\" >\n\t\t\t\tPARTICIPATION IN THE PATIENT&#8217;S RIGHTS DAY ON 25 NOVEMBER 2022\t\t\t<\/a>\n\t\t<\/p>\n\t\t\t\t<div class=\"elementor-post__excerpt\">\n\t\t\t<p>Emmanuelle GERARD DEPREZ will speak on 25 November 2022 at the Patient&#8217;s Rights Day organised jointly by the Bordeaux Bar Association, the Gironde committee of<\/p>\n\t\t<\/div>\n\t\t\n\t\t<a class=\"elementor-post__read-more\" href=\"https:\/\/defis-avocats.com\/en\/participation-in-the-patients-rights-day-on-25-november-2022\/\" aria-label=\"Read more about PARTICIPATION IN THE PATIENT&#8217;S RIGHTS DAY ON 25 NOVEMBER 2022\" tabindex=\"-1\" >\n\t\t\tRead more \"\t\t<\/a>\n\n\t\t\t\t<\/div>\n\t\t\t\t<div class=\"elementor-post__meta-data\">\n\t\t\t\t\t<span class=\"elementor-post-date\">\n\t\t\t15 November 2022\t\t<\/span>\n\t\t\t\t<\/div>\n\t\t\t\t\t<\/div>\n\t\t<\/article>\n\t\t\t\t<article class=\"elementor-post elementor-grid-item post-1502 post type-post status-publish format-standard hentry category-non-classifiee\" role=\"listitem\">\n\t\t\t<div class=\"elementor-post__card\">\n\t\t\t\t<div class=\"elementor-post__text\">\n\t\t\t\t<p class=\"elementor-post__title\">\n\t\t\t<a href=\"https:\/\/defis-avocats.com\/en\/reception-at-our-office-in-saint-andre-de-cubzac\/\" >\n\t\t\t\tRECEPTION AT OUR OFFICE IN SAINT ANDR\u00c9 DE CUBZAC\t\t\t<\/a>\n\t\t<\/p>\n\t\t\t\t<div class=\"elementor-post__excerpt\">\n\t\t\t<p>We receive by appointment in Saint Andr\u00e9 de Cubzac at 90 rue Dantagnan. Unless there are particular constraints, the office is open on Fridays. Do<\/p>\n\t\t<\/div>\n\t\t\n\t\t<a class=\"elementor-post__read-more\" href=\"https:\/\/defis-avocats.com\/en\/reception-at-our-office-in-saint-andre-de-cubzac\/\" aria-label=\"Read more about RECEPTION AT OUR OFFICE IN SAINT ANDR\u00c9 DE CUBZAC\" tabindex=\"-1\" >\n\t\t\tRead more \"\t\t<\/a>\n\n\t\t\t\t<\/div>\n\t\t\t\t<div class=\"elementor-post__meta-data\">\n\t\t\t\t\t<span class=\"elementor-post-date\">\n\t\t\t12 October 2022\t\t<\/span>\n\t\t\t\t<\/div>\n\t\t\t\t\t<\/div>\n\t\t<\/article>\n\t\t\t\t<article class=\"elementor-post elementor-grid-item post-1506 post type-post status-publish format-standard hentry category-non-classifiee\" role=\"listitem\">\n\t\t\t<div class=\"elementor-post__card\">\n\t\t\t\t<div class=\"elementor-post__text\">\n\t\t\t\t<p class=\"elementor-post__title\">\n\t\t\t<a href=\"https:\/\/defis-avocats.com\/en\/suppression-of-article-750-1-of-the-code-of-civil-procedure-by-the-council-of-state\/\" >\n\t\t\t\tSUPPRESSION OF ARTICLE 750-1 OF THE CODE OF CIVIL PROCEDURE BY THE COUNCIL OF STATE\t\t\t<\/a>\n\t\t<\/p>\n\t\t\t\t<div class=\"elementor-post__excerpt\">\n\t\t\t<p>When the Conseil d&#8217;Etat reminds the regulatory authority that legal certainty requires it to respect a reasonable timeframe in the implementation of new provisions, the<\/p>\n\t\t<\/div>\n\t\t\n\t\t<a class=\"elementor-post__read-more\" href=\"https:\/\/defis-avocats.com\/en\/suppression-of-article-750-1-of-the-code-of-civil-procedure-by-the-council-of-state\/\" aria-label=\"Read more about SUPPRESSION OF ARTICLE 750-1 OF THE CODE OF CIVIL PROCEDURE BY THE COUNCIL OF STATE\" tabindex=\"-1\" >\n\t\t\tRead more \"\t\t<\/a>\n\n\t\t\t\t<\/div>\n\t\t\t\t<div class=\"elementor-post__meta-data\">\n\t\t\t\t\t<span class=\"elementor-post-date\">\n\t\t\t9 October 2022\t\t<\/span>\n\t\t\t\t<\/div>\n\t\t\t\t\t<\/div>\n\t\t<\/article>\n\t\t\t\t<article class=\"elementor-post elementor-grid-item post-1528 post type-post status-publish format-standard has-post-thumbnail hentry category-judicial-sales tag-lot-n1-defaut-dencheres tag-lot-n2-adjuge-30-500-e\" role=\"listitem\">\n\t\t\t<div class=\"elementor-post__card\">\n\t\t\t\t<div class=\"elementor-post__text\">\n\t\t\t\t<p class=\"elementor-post__title\">\n\t\t\t<a href=\"https:\/\/defis-avocats.com\/en\/centre-de-balneotherapie-parempuyre\/\" >\n\t\t\t\tCentre de baln\u00e9oth\u00e9rapie Parempuyre\t\t\t<\/a>\n\t\t<\/p>\n\t\t\t\t<div class=\"elementor-post__excerpt\">\n\t\t\t<p>Vente du Jeudi 1er d\u00e9cembre 2022 \u00e0 15H au Tribunal Judiciaire de BORDEAUX<\/p>\n<p>En deux lots :<\/p>\n<p>1\u00e8re Mise \u00e0 prix : 900.000 \u20ac<\/p>\n<p>2\u00e8me Mise \u00e0 prix : 30.000 \u20ac<\/p>\n\t\t<\/div>\n\t\t\n\t\t<a class=\"elementor-post__read-more\" href=\"https:\/\/defis-avocats.com\/en\/centre-de-balneotherapie-parempuyre\/\" aria-label=\"Read more about Centre de baln\u00e9oth\u00e9rapie Parempuyre\" tabindex=\"-1\" >\n\t\t\tRead more \"\t\t<\/a>\n\n\t\t\t\t<\/div>\n\t\t\t\t<div class=\"elementor-post__meta-data\">\n\t\t\t\t\t<span class=\"elementor-post-date\">\n\t\t\t6 October 2022\t\t<\/span>\n\t\t\t\t<\/div>\n\t\t\t\t\t<\/div>\n\t\t<\/article>\n\t\t\t\t<article class=\"elementor-post elementor-grid-item post-1510 post type-post status-publish format-standard hentry category-non-classifiee\" role=\"listitem\">\n\t\t\t<div class=\"elementor-post__card\">\n\t\t\t\t<div class=\"elementor-post__text\">\n\t\t\t\t<p class=\"elementor-post__title\">\n\t\t\t<a href=\"https:\/\/defis-avocats.com\/en\/participation-in-the-eda-alienor-summer-universities\/\" >\n\t\t\t\tPARTICIPATION IN THE EDA ALIENOR SUMMER UNIVERSITIES\t\t\t<\/a>\n\t\t<\/p>\n\t\t\t\t<div class=\"elementor-post__excerpt\">\n\t\t\t<p>Emmanuelle GERARD DEPREZ animated with Professor Nathalie FRICERO a workshop dedicated to the reform of the civil procedure before the judicial court during the summer<\/p>\n\t\t<\/div>\n\t\t\n\t\t<a class=\"elementor-post__read-more\" href=\"https:\/\/defis-avocats.com\/en\/participation-in-the-eda-alienor-summer-universities\/\" aria-label=\"Read more about PARTICIPATION IN THE EDA ALIENOR SUMMER UNIVERSITIES\" tabindex=\"-1\" >\n\t\t\tRead more \"\t\t<\/a>\n\n\t\t\t\t<\/div>\n\t\t\t\t<div class=\"elementor-post__meta-data\">\n\t\t\t\t\t<span class=\"elementor-post-date\">\n\t\t\t5 October 2022\t\t<\/span>\n\t\t\t\t<\/div>\n\t\t\t\t\t<\/div>\n\t\t<\/article>\n\t\t\t\t<article class=\"elementor-post elementor-grid-item post-1532 post type-post status-publish format-standard has-post-thumbnail hentry category-judicial-sales tag-vendu-en\" role=\"listitem\">\n\t\t\t<div class=\"elementor-post__card\">\n\t\t\t\t<div class=\"elementor-post__text\">\n\t\t\t\t<p class=\"elementor-post__title\">\n\t\t\t<a href=\"https:\/\/defis-avocats.com\/en\/maison-a-gujan-mestras-port-de-la-hume\/\" >\n\t\t\t\tMaison \u00e0 GUJAN MESTRAS (port de la Hume)\t\t\t<\/a>\n\t\t<\/p>\n\t\t\t\t<div class=\"elementor-post__excerpt\">\n\t\t\t<p>Vente du jeudi 16 juin 2022 \u00e0 15 heures au Tribunal Judiciaire de Bordeaux<br \/>\nMISE \u00e0 PRIX : 400 000 euros<br \/>\nAdjug\u00e9e \u00e0 822 000 \u20ac <\/p>\n\t\t<\/div>\n\t\t\n\t\t<a class=\"elementor-post__read-more\" href=\"https:\/\/defis-avocats.com\/en\/maison-a-gujan-mestras-port-de-la-hume\/\" aria-label=\"Read more about Maison \u00e0 GUJAN MESTRAS (port de la Hume)\" tabindex=\"-1\" >\n\t\t\tRead more \"\t\t<\/a>\n\n\t\t\t\t<\/div>\n\t\t\t\t<div class=\"elementor-post__meta-data\">\n\t\t\t\t\t<span class=\"elementor-post-date\">\n\t\t\t16 June 2022\t\t<\/span>\n\t\t\t\t<\/div>\n\t\t\t\t\t<\/div>\n\t\t<\/article>\n\t\t\t\t<article class=\"elementor-post elementor-grid-item post-1536 post type-post status-publish format-standard has-post-thumbnail hentry category-judicial-sales tag-vendu-en\" role=\"listitem\">\n\t\t\t<div class=\"elementor-post__card\">\n\t\t\t\t<div class=\"elementor-post__text\">\n\t\t\t\t<p class=\"elementor-post__title\">\n\t\t\t<a href=\"https:\/\/defis-avocats.com\/en\/appartement-a-bordeaux\/\" >\n\t\t\t\tAppartement \u00e0 Bordeaux\t\t\t<\/a>\n\t\t<\/p>\n\t\t\t\t<div class=\"elementor-post__excerpt\">\n\t\t\t<p>Vente aux ench\u00e8res du 10 f\u00e9vrier 2022 \u00e0 15 heures au Tribunal Judiciaire de Bordeaux<br \/>\nMISE \u00e0 PRIX : 40 000 euros avec facult\u00e9 de baisse imm\u00e9diate \u00e0 30.000\u20ac<br \/>\nAdjug\u00e9 \u00e0 34 000 \u20ac<\/p>\n\t\t<\/div>\n\t\t\n\t\t<a class=\"elementor-post__read-more\" href=\"https:\/\/defis-avocats.com\/en\/appartement-a-bordeaux\/\" aria-label=\"Read more about Appartement \u00e0 Bordeaux\" tabindex=\"-1\" >\n\t\t\tRead more \"\t\t<\/a>\n\n\t\t\t\t<\/div>\n\t\t\t\t<div class=\"elementor-post__meta-data\">\n\t\t\t\t\t<span class=\"elementor-post-date\">\n\t\t\t10 February 2022\t\t<\/span>\n\t\t\t\t<\/div>\n\t\t\t\t\t<\/div>\n\t\t<\/article>\n\t\t\t\t<article class=\"elementor-post elementor-grid-item post-1540 post type-post status-publish format-standard has-post-thumbnail hentry category-judicial-sales tag-vendu-en\" role=\"listitem\">\n\t\t\t<div class=\"elementor-post__card\">\n\t\t\t\t<div class=\"elementor-post__text\">\n\t\t\t\t<p class=\"elementor-post__title\">\n\t\t\t<a href=\"https:\/\/defis-avocats.com\/en\/appartement-a-gujan-mestras\/\" >\n\t\t\t\tAppartement \u00e0 Gujan Mestras\t\t\t<\/a>\n\t\t<\/p>\n\t\t\t\t<div class=\"elementor-post__excerpt\">\n\t\t\t<p>Vente aux ench\u00e8res du jeudi 13 janvier 2022<br \/>\n\u00e0 15 heures au Tribunal Judiciaire de Bordeaux<br \/>\nMISE \u00e0 PRIX : 48 400 euros<br \/>\nAdjug\u00e9 147 000 \u20ac<\/p>\n\t\t<\/div>\n\t\t\n\t\t<a class=\"elementor-post__read-more\" href=\"https:\/\/defis-avocats.com\/en\/appartement-a-gujan-mestras\/\" aria-label=\"Read more about Appartement \u00e0 Gujan Mestras\" tabindex=\"-1\" >\n\t\t\tRead more \"\t\t<\/a>\n\n\t\t\t\t<\/div>\n\t\t\t\t<div class=\"elementor-post__meta-data\">\n\t\t\t\t\t<span class=\"elementor-post-date\">\n\t\t\t13 January 2022\t\t<\/span>\n\t\t\t\t<\/div>\n\t\t\t\t\t<\/div>\n\t\t<\/article>\n\t\t\t\t<article class=\"elementor-post elementor-grid-item post-1544 post type-post status-publish format-standard has-post-thumbnail hentry category-judicial-sales\" role=\"listitem\">\n\t\t\t<div class=\"elementor-post__card\">\n\t\t\t\t<div class=\"elementor-post__text\">\n\t\t\t\t<p class=\"elementor-post__title\">\n\t\t\t<a href=\"https:\/\/defis-avocats.com\/en\/maison-a-canejan\/\" >\n\t\t\t\tMaison \u00e0 Can\u00e9jan\t\t\t<\/a>\n\t\t<\/p>\n\t\t\t\t<div class=\"elementor-post__excerpt\">\n\t\t\t<p>Vente du jeudi 17 septembre 2020 \u00e0 15 heures au Tribunal de BORDEAUX<br \/>\nMise \u00e0 prix : 50 000 \u20ac<br \/>\nAdjug\u00e9e 251 000 \u20ac<\/p>\n\t\t<\/div>\n\t\t\n\t\t<a class=\"elementor-post__read-more\" href=\"https:\/\/defis-avocats.com\/en\/maison-a-canejan\/\" aria-label=\"Read more about Maison \u00e0 Can\u00e9jan\" tabindex=\"-1\" >\n\t\t\tRead more \"\t\t<\/a>\n\n\t\t\t\t<\/div>\n\t\t\t\t<div class=\"elementor-post__meta-data\">\n\t\t\t\t\t<span class=\"elementor-post-date\">\n\t\t\t17 September 2020\t\t<\/span>\n\t\t\t\t<\/div>\n\t\t\t\t\t<\/div>\n\t\t<\/article>\n\t\t\t\t<article class=\"elementor-post elementor-grid-item post-1546 post type-post status-publish format-standard has-post-thumbnail hentry category-judicial-sales\" role=\"listitem\">\n\t\t\t<div class=\"elementor-post__card\">\n\t\t\t\t<div class=\"elementor-post__text\">\n\t\t\t\t<p class=\"elementor-post__title\">\n\t\t\t<a href=\"https:\/\/defis-avocats.com\/en\/maison-a-blanquefort\/\" >\n\t\t\t\tMaison \u00e0 Blanquefort\t\t\t<\/a>\n\t\t<\/p>\n\t\t\t\t<div class=\"elementor-post__excerpt\">\n\t\t\t<p>Vente du jeudi 10 septembre 2020 \u00e0 15 heures au Tribunal de BORDEAUX<br \/>\nMISE \u00c0 PRIX : 300 000 \u20ac<br \/>\nAdjug\u00e9e 360 000 \u20ac <\/p>\n\t\t<\/div>\n\t\t\n\t\t<a class=\"elementor-post__read-more\" href=\"https:\/\/defis-avocats.com\/en\/maison-a-blanquefort\/\" aria-label=\"Read more about Maison \u00e0 Blanquefort\" tabindex=\"-1\" >\n\t\t\tRead more \"\t\t<\/a>\n\n\t\t\t\t<\/div>\n\t\t\t\t<div class=\"elementor-post__meta-data\">\n\t\t\t\t\t<span class=\"elementor-post-date\">\n\t\t\t16 April 2020\t\t<\/span>\n\t\t\t\t<\/div>\n\t\t\t\t\t<\/div>\n\t\t<\/article>\n\t\t\t\t<\/div>\n\t\t\n\t\t\t\t\t\t<\/div>\n\t\t\t\t<\/div>\n\t\t\t\t\t<\/div>\n\t\t<\/div>\n\t\t\t\t\t<\/div>\n\t\t<\/section>\n\t\t\t\t<\/div>\n\t\t","protected":false},"excerpt":{"rendered":"<p>News<\/p>\n","protected":false},"author":3,"featured_media":0,"parent":0,"menu_order":0,"comment_status":"closed","ping_status":"closed","template":"elementor_header_footer","meta":{"inline_featured_image":false,"footnotes":""},"class_list":["post-1441","page","type-page","status-publish","hentry"],"yoast_head":"<!-- This site is optimized with the Yoast SEO plugin v28.3 - https:\/\/yoast.com\/product\/yoast-seo-wordpress\/ -->\n<title>News - D\u00c9FIS AVOCATS<\/title>\n<meta name=\"description\" content=\"Browse the latest news from the legal world: company law, company news, changes in the civil code...\" \/>\n<meta name=\"robots\" content=\"index, follow, max-snippet:-1, max-image-preview:large, max-video-preview:-1\" \/>\n<link rel=\"canonical\" href=\"https:\/\/defis-avocats.com\/en\/news\/\" \/>\n<meta property=\"og:locale\" content=\"en_US\" \/>\n<meta property=\"og:type\" content=\"article\" \/>\n<meta property=\"og:title\" content=\"News - D\u00c9FIS AVOCATS\" \/>\n<meta property=\"og:description\" content=\"Browse the latest news from the legal world: company law, company news, changes in the civil code...\" \/>\n<meta property=\"og:url\" content=\"https:\/\/defis-avocats.com\/en\/news\/\" \/>\n<meta property=\"og:site_name\" content=\"DEFIS AVOCATS\" \/>\n<meta property=\"article:modified_time\" content=\"2023-03-24T09:51:55+00:00\" \/>\n<meta name=\"twitter:card\" content=\"summary_large_image\" \/>\n<script type=\"application\/ld+json\" class=\"yoast-schema-graph\">{\"@context\":\"https:\\\/\\\/schema.org\",\"@graph\":[{\"@type\":\"WebPage\",\"@id\":\"https:\\\/\\\/defis-avocats.com\\\/en\\\/news\\\/\",\"url\":\"https:\\\/\\\/defis-avocats.com\\\/en\\\/news\\\/\",\"name\":\"News - D\u00c9FIS AVOCATS\",\"isPartOf\":{\"@id\":\"https:\\\/\\\/defis-avocats.com\\\/en\\\/#website\"},\"datePublished\":\"2022-09-23T09:30:55+00:00\",\"dateModified\":\"2023-03-24T09:51:55+00:00\",\"description\":\"Browse the latest news from the legal world: company law, company news, changes in the civil code...\",\"breadcrumb\":{\"@id\":\"https:\\\/\\\/defis-avocats.com\\\/en\\\/news\\\/#breadcrumb\"},\"inLanguage\":\"en-US\",\"potentialAction\":[{\"@type\":\"ReadAction\",\"target\":[\"https:\\\/\\\/defis-avocats.com\\\/en\\\/news\\\/\"]}]},{\"@type\":\"BreadcrumbList\",\"@id\":\"https:\\\/\\\/defis-avocats.com\\\/en\\\/news\\\/#breadcrumb\",\"itemListElement\":[{\"@type\":\"ListItem\",\"position\":1,\"name\":\"Accueil\",\"item\":\"https:\\\/\\\/defis-avocats.com\\\/en\\\/\"},{\"@type\":\"ListItem\",\"position\":2,\"name\":\"News\"}]},{\"@type\":\"WebSite\",\"@id\":\"https:\\\/\\\/defis-avocats.com\\\/en\\\/#website\",\"url\":\"https:\\\/\\\/defis-avocats.com\\\/en\\\/\",\"name\":\"DEFIS AVOCATS\",\"description\":\"Cabinet d&#039;avocats \u00e0 Bordeaux et \u00e0 Saint Andr\u00e9 de Cubzac\",\"publisher\":{\"@id\":\"https:\\\/\\\/defis-avocats.com\\\/en\\\/#organization\"},\"potentialAction\":[{\"@type\":\"SearchAction\",\"target\":{\"@type\":\"EntryPoint\",\"urlTemplate\":\"https:\\\/\\\/defis-avocats.com\\\/en\\\/?s={search_term_string}\"},\"query-input\":{\"@type\":\"PropertyValueSpecification\",\"valueRequired\":true,\"valueName\":\"search_term_string\"}}],\"inLanguage\":\"en-US\"},{\"@type\":\"Organization\",\"@id\":\"https:\\\/\\\/defis-avocats.com\\\/en\\\/#organization\",\"name\":\"DEFIS AVOCATS\",\"url\":\"https:\\\/\\\/defis-avocats.com\\\/en\\\/\",\"logo\":{\"@type\":\"ImageObject\",\"inLanguage\":\"en-US\",\"@id\":\"https:\\\/\\\/defis-avocats.com\\\/en\\\/#\\\/schema\\\/logo\\\/image\\\/\",\"url\":\"https:\\\/\\\/defis-avocats.com\\\/wp-content\\\/uploads\\\/2021\\\/12\\\/logo-deifs-avocats-horizontal.png\",\"contentUrl\":\"https:\\\/\\\/defis-avocats.com\\\/wp-content\\\/uploads\\\/2021\\\/12\\\/logo-deifs-avocats-horizontal.png\",\"width\":2908,\"height\":1300,\"caption\":\"DEFIS AVOCATS\"},\"image\":{\"@id\":\"https:\\\/\\\/defis-avocats.com\\\/en\\\/#\\\/schema\\\/logo\\\/image\\\/\"}}]}<\/script>\n<!-- \/ Yoast SEO plugin. -->","yoast_head_json":{"title":"News - D\u00c9FIS AVOCATS","description":"Browse the latest news from the legal world: company law, company news, changes in the civil code...","robots":{"index":"index","follow":"follow","max-snippet":"max-snippet:-1","max-image-preview":"max-image-preview:large","max-video-preview":"max-video-preview:-1"},"canonical":"https:\/\/defis-avocats.com\/en\/news\/","og_locale":"en_US","og_type":"article","og_title":"News - D\u00c9FIS AVOCATS","og_description":"Browse the latest news from the legal world: company law, company news, changes in the civil code...","og_url":"https:\/\/defis-avocats.com\/en\/news\/","og_site_name":"DEFIS AVOCATS","article_modified_time":"2023-03-24T09:51:55+00:00","twitter_card":"summary_large_image","schema":{"@context":"https:\/\/schema.org","@graph":[{"@type":"WebPage","@id":"https:\/\/defis-avocats.com\/en\/news\/","url":"https:\/\/defis-avocats.com\/en\/news\/","name":"News - D\u00c9FIS AVOCATS","isPartOf":{"@id":"https:\/\/defis-avocats.com\/en\/#website"},"datePublished":"2022-09-23T09:30:55+00:00","dateModified":"2023-03-24T09:51:55+00:00","description":"Browse the latest news from the legal world: company law, company news, changes in the civil code...","breadcrumb":{"@id":"https:\/\/defis-avocats.com\/en\/news\/#breadcrumb"},"inLanguage":"en-US","potentialAction":[{"@type":"ReadAction","target":["https:\/\/defis-avocats.com\/en\/news\/"]}]},{"@type":"BreadcrumbList","@id":"https:\/\/defis-avocats.com\/en\/news\/#breadcrumb","itemListElement":[{"@type":"ListItem","position":1,"name":"Accueil","item":"https:\/\/defis-avocats.com\/en\/"},{"@type":"ListItem","position":2,"name":"News"}]},{"@type":"WebSite","@id":"https:\/\/defis-avocats.com\/en\/#website","url":"https:\/\/defis-avocats.com\/en\/","name":"DEFIS AVOCATS","description":"Cabinet d&#039;avocats \u00e0 Bordeaux et \u00e0 Saint Andr\u00e9 de Cubzac","publisher":{"@id":"https:\/\/defis-avocats.com\/en\/#organization"},"potentialAction":[{"@type":"SearchAction","target":{"@type":"EntryPoint","urlTemplate":"https:\/\/defis-avocats.com\/en\/?s={search_term_string}"},"query-input":{"@type":"PropertyValueSpecification","valueRequired":true,"valueName":"search_term_string"}}],"inLanguage":"en-US"},{"@type":"Organization","@id":"https:\/\/defis-avocats.com\/en\/#organization","name":"DEFIS AVOCATS","url":"https:\/\/defis-avocats.com\/en\/","logo":{"@type":"ImageObject","inLanguage":"en-US","@id":"https:\/\/defis-avocats.com\/en\/#\/schema\/logo\/image\/","url":"https:\/\/defis-avocats.com\/wp-content\/uploads\/2021\/12\/logo-deifs-avocats-horizontal.png","contentUrl":"https:\/\/defis-avocats.com\/wp-content\/uploads\/2021\/12\/logo-deifs-avocats-horizontal.png","width":2908,"height":1300,"caption":"DEFIS AVOCATS"},"image":{"@id":"https:\/\/defis-avocats.com\/en\/#\/schema\/logo\/image\/"}}]}},"_links":{"self":[{"href":"https:\/\/defis-avocats.com\/en\/wp-json\/wp\/v2\/pages\/1441","targetHints":{"allow":["GET"]}}],"collection":[{"href":"https:\/\/defis-avocats.com\/en\/wp-json\/wp\/v2\/pages"}],"about":[{"href":"https:\/\/defis-avocats.com\/en\/wp-json\/wp\/v2\/types\/page"}],"author":[{"embeddable":true,"href":"https:\/\/defis-avocats.com\/en\/wp-json\/wp\/v2\/users\/3"}],"replies":[{"embeddable":true,"href":"https:\/\/defis-avocats.com\/en\/wp-json\/wp\/v2\/comments?post=1441"}],"version-history":[{"count":4,"href":"https:\/\/defis-avocats.com\/en\/wp-json\/wp\/v2\/pages\/1441\/revisions"}],"predecessor-version":[{"id":1489,"href":"https:\/\/defis-avocats.com\/en\/wp-json\/wp\/v2\/pages\/1441\/revisions\/1489"}],"wp:attachment":[{"href":"https:\/\/defis-avocats.com\/en\/wp-json\/wp\/v2\/media?parent=1441"}],"curies":[{"name":"wp","href":"https:\/\/api.w.org\/{rel}","templated":true}]}}